{"id":53,"date":"2016-06-21T00:37:58","date_gmt":"2016-06-20T22:37:58","guid":{"rendered":"https:\/\/jokebuts.be\/yogacentre\/fr\/?page_id=53"},"modified":"2025-12-27T18:57:27","modified_gmt":"2025-12-27T17:57:27","slug":"fiche-dinscription","status":"publish","type":"page","link":"https:\/\/iyengaryogacentre.brussels\/fr\/fiche-dinscription\/","title":{"rendered":"Fiche d&rsquo;inscription"},"content":{"rendered":"\n<div class=\"wpcf7 no-js\" id=\"wpcf7-f93-o1\" lang=\"en-US\" dir=\"ltr\" data-wpcf7-id=\"93\">\n<div class=\"screen-reader-response\"><p role=\"status\" aria-live=\"polite\" aria-atomic=\"true\"><\/p> <ul><\/ul><\/div>\n<form action=\"\/fr\/wp-json\/wp\/v2\/pages\/53#wpcf7-f93-o1\" method=\"post\" class=\"wpcf7-form init\" aria-label=\"Contact form\" novalidate=\"novalidate\" data-status=\"init\">\n<fieldset class=\"hidden-fields-container\"><input type=\"hidden\" name=\"_wpcf7\" value=\"93\" \/><input type=\"hidden\" name=\"_wpcf7_version\" value=\"6.1.3\" \/><input type=\"hidden\" name=\"_wpcf7_locale\" value=\"en_US\" \/><input type=\"hidden\" name=\"_wpcf7_unit_tag\" value=\"wpcf7-f93-o1\" \/><input type=\"hidden\" name=\"_wpcf7_container_post\" value=\"0\" \/><input type=\"hidden\" name=\"_wpcf7_posted_data_hash\" value=\"\" \/><input type=\"hidden\" name=\"_cf7a__timestamp\" value=\"3CkPynBzmF0VrpqkeNBQmQ==\" \/><input type=\"hidden\" name=\"_cf7a_version\" value=\"1.0\" \/><input type=\"hidden\" name=\"_cf7a_address\" value=\"\" \/><input type=\"hidden\" name=\"_cf7a_referer\" value=\"\" \/><input type=\"hidden\" name=\"_cf7a_protocol\" value=\"\" \/><input type=\"hidden\" name=\"_cf7a_bot_fingerprint\" value=\"3CkPynBzmF0VrpqkeNBQmQ==\" \/><input type=\"hidden\" name=\"_cf7a_bot_fingerprint_extras\" \/>\n<\/fieldset>\n<p><label>Votre nom *<\/label><br \/>\n<span class=\"wpcf7-form-control-wrap\" data-name=\"your-name\"><input type=\"text\" name=\"name\" value=\"\" autocomplete=\"fill\" class=\"fit-the-fullspace\" aria-hidden=\"true\" tabindex=\"-1\" \/><input size=\"40\" maxlength=\"400\" class=\"wpcf7-form-control wpcf7-text wpcf7-validates-as-required form-input\" aria-required=\"true\" aria-invalid=\"false\" value=\"\" type=\"text\" name=\"your-name\" \/><\/span>\n<\/p>\n<p><label>Votre e-mail *<\/label><br \/>\n<span class=\"wpcf7-form-control-wrap\" data-name=\"your-email\"><input size=\"40\" maxlength=\"400\" class=\"wpcf7-form-control wpcf7-email wpcf7-validates-as-required wpcf7-text wpcf7-validates-as-email form-input\" aria-required=\"true\" aria-invalid=\"false\" value=\"\" type=\"email\" name=\"your-email\" \/><\/span>\n<\/p>\n<p><label>Votre num\u00e9ro de t\u00e9l\u00e9phone<\/label><br \/>\n<span class=\"wpcf7-form-control-wrap\" data-name=\"your-phone\"><input size=\"40\" maxlength=\"400\" class=\"wpcf7-form-control wpcf7-text form-input\" aria-invalid=\"false\" value=\"\" type=\"text\" name=\"your-phone\" \/><input type=\"text\" name=\"email\" value=\"\" autocomplete=\"fill\" class=\"fit-the-fullspace\" aria-hidden=\"true\" tabindex=\"-1\" \/><\/span>\n<\/p>\n<fieldset class=\"fieldset-box\">\n\t<legend>Atelier *\n\t<\/legend>\n\t<p><span class=\"wpcf7-form-control-wrap\" data-name=\"checkbox-workshop\"><span class=\"wpcf7-form-control wpcf7-checkbox wpcf7-validates-as-required checkbox-group\"><span class=\"wpcf7-list-item first\"><label><input type=\"checkbox\" name=\"checkbox-workshop[]\" value=\"yoga kurunta - 27 mars - prix : 30 euro\" \/><span class=\"wpcf7-list-item-label\">yoga kurunta - 27 mars - prix : 30 euro<\/span><\/label><\/span><span class=\"wpcf7-list-item\"><label><input type=\"checkbox\" name=\"checkbox-workshop[]\" value=\"paques \/ dimanche intensif avec Thijsje - 5 avril - prix : 40 euro\" \/><span class=\"wpcf7-list-item-label\">paques \/ dimanche intensif avec Thijsje - 5 avril - prix : 40 euro<\/span><\/label><\/span><span class=\"wpcf7-list-item\"><label><input type=\"checkbox\" name=\"checkbox-workshop[]\" value=\"yoga kurunta - 29 mai - prix : 30 euro\" \/><span class=\"wpcf7-list-item-label\">yoga kurunta - 29 mai - prix : 30 euro<\/span><\/label><\/span><span class=\"wpcf7-list-item\"><label><input type=\"checkbox\" name=\"checkbox-workshop[]\" value=\"retraite en Dordogne avec Thijsje - du 21 au 27 juin - prix : 830 euro, tout compris\" \/><span class=\"wpcf7-list-item-label\">retraite en Dordogne avec Thijsje - du 21 au 27 juin - prix : 830 euro, tout compris<\/span><\/label><\/span><span class=\"wpcf7-list-item\"><label><input type=\"checkbox\" name=\"checkbox-workshop[]\" value=\"semaine 1 - stage d&#039;ete : lu-ma-me 6, 7, 8 juillet - prix : 110 euro\" \/><span class=\"wpcf7-list-item-label\">semaine 1 - stage d&#039;ete : lu-ma-me 6, 7, 8 juillet - prix : 110 euro<\/span><\/label><\/span><span class=\"wpcf7-list-item\"><label><input type=\"checkbox\" name=\"checkbox-workshop[]\" value=\"semaine 2 - stage d&#039;ete : lu-ma-me 13, 14, 15 juillet - prix : 110 euro\" \/><span class=\"wpcf7-list-item-label\">semaine 2 - stage d&#039;ete : lu-ma-me 13, 14, 15 juillet - prix : 110 euro<\/span><\/label><\/span><span class=\"wpcf7-list-item\"><label><input type=\"checkbox\" name=\"checkbox-workshop[]\" value=\"semaine 3 - stage d&#039;ete : lu-ma-me 20, 21, 22 juillet - prix : 110 euro\" \/><span class=\"wpcf7-list-item-label\">semaine 3 - stage d&#039;ete : lu-ma-me 20, 21, 22 juillet - prix : 110 euro<\/span><\/label><\/span><span class=\"wpcf7-list-item\"><label><input type=\"checkbox\" name=\"checkbox-workshop[]\" value=\"semaine 4 - stage d&#039;ete : lu-ma-me 27, 28, 29 juillet - prix : 110 euro\" \/><span class=\"wpcf7-list-item-label\">semaine 4 - stage d&#039;ete : lu-ma-me 27, 28, 29 juillet - prix : 110 euro<\/span><\/label><\/span><span class=\"wpcf7-list-item last\"><label><input type=\"checkbox\" name=\"checkbox-workshop[]\" value=\"semaine debutants : lu-ma-me-je 24, 25, 26, 27 aout - prix : 50 euro\" \/><span class=\"wpcf7-list-item-label\">semaine debutants : lu-ma-me-je 24, 25, 26, 27 aout - prix : 50 euro<\/span><\/label><\/span><\/span><\/span>\n\t<\/p>\n<\/fieldset>\n<fieldset class=\"fieldset-box\">\n\t<legend>Annees de pratique *\n\t<\/legend>\n\t<div class=\"years-container\">\n\t\t<div class=\"years-block\">\n\t\t\t<p><label>Yoga Iyengar<\/label><br \/>\n<span class=\"wpcf7-form-control-wrap\" data-name=\"number-practice-iyengar\"><input class=\"wpcf7-form-control wpcf7-number wpcf7-validates-as-number form-number\" min=\"0\" max=\"80\" aria-invalid=\"false\" value=\"\" type=\"number\" name=\"number-practice-iyengar\" \/><\/span>\n\t\t\t<\/p>\n\t\t<\/div>\n\t\t<div class=\"years-block\">\n\t\t\t<p><label>Autre yoga<\/label><br \/>\n<span class=\"wpcf7-form-control-wrap\" data-name=\"number-practice-other\"><input class=\"wpcf7-form-control wpcf7-number wpcf7-validates-as-number form-number\" min=\"0\" max=\"80\" aria-invalid=\"false\" value=\"\" type=\"number\" name=\"number-practice-other\" \/><\/span>\n\t\t\t<\/p>\n\t\t<\/div>\n\t<\/div>\n<\/fieldset>\n<p><label>Remarques<\/label><br \/>\n<span class=\"wpcf7-form-control-wrap\" data-name=\"your-remarks\"><textarea cols=\"40\" rows=\"3\" maxlength=\"2000\" class=\"wpcf7-form-control wpcf7-textarea form-textarea\" aria-invalid=\"false\" name=\"your-remarks\"><\/textarea><\/span>\n<\/p>\n<p><input class=\"wpcf7-form-control wpcf7-submit has-spinner\" type=\"submit\" value=\"Send\" \/>\n<\/p><div class=\"wpcf7-response-output\" aria-hidden=\"true\"><\/div>\n<\/form>\n<\/div>\n\n\n\n<p><\/p>\n","protected":false},"excerpt":{"rendered":"","protected":false},"author":1,"featured_media":0,"parent":0,"menu_order":0,"comment_status":"closed","ping_status":"closed","template":"","meta":{"_themeisle_gutenberg_block_has_review":false,"footnotes":""},"class_list":["post-53","page","type-page","status-publish","hentry"],"aioseo_notices":[],"_links":{"self":[{"href":"https:\/\/iyengaryogacentre.brussels\/fr\/wp-json\/wp\/v2\/pages\/53","targetHints":{"allow":["GET"]}}],"collection":[{"href":"https:\/\/iyengaryogacentre.brussels\/fr\/wp-json\/wp\/v2\/pages"}],"about":[{"href":"https:\/\/iyengaryogacentre.brussels\/fr\/wp-json\/wp\/v2\/types\/page"}],"author":[{"embeddable":true,"href":"https:\/\/iyengaryogacentre.brussels\/fr\/wp-json\/wp\/v2\/users\/1"}],"replies":[{"embeddable":true,"href":"https:\/\/iyengaryogacentre.brussels\/fr\/wp-json\/wp\/v2\/comments?post=53"}],"version-history":[{"count":4,"href":"https:\/\/iyengaryogacentre.brussels\/fr\/wp-json\/wp\/v2\/pages\/53\/revisions"}],"predecessor-version":[{"id":902,"href":"https:\/\/iyengaryogacentre.brussels\/fr\/wp-json\/wp\/v2\/pages\/53\/revisions\/902"}],"wp:attachment":[{"href":"https:\/\/iyengaryogacentre.brussels\/fr\/wp-json\/wp\/v2\/media?parent=53"}],"curies":[{"name":"wp","href":"https:\/\/api.w.org\/{rel}","templated":true}]}}